{"id":181,"date":"2015-08-25T13:47:52","date_gmt":"2015-08-25T13:47:52","guid":{"rendered":"http:\/\/de.konradin.se.intra.ev-ma.net\/de\/?page_id=181"},"modified":"2026-03-26T08:56:46","modified_gmt":"2026-03-26T08:56:46","slug":"genuss","status":"publish","type":"page","link":"https:\/\/www.konradin.de\/de\/medien\/genuss\/","title":{"rendered":"Genuss"},"content":{"rendered":"<p><strong>Unser Medienangebot<\/strong><\/p>\n<ul>\n<li>versorgt Fachh\u00e4ndler und Experten in Handel, Gastronomie und Industrie mit allen wichtigen Brancheninformationen und schlie\u00dft den Kreis bis zum Endverbraucher.<\/li>\n<li>informiert umfassend \u00fcber Wein, Genussthemen und\u00a0Tabak.<\/li>\n<li>erreicht\u00a0seine Zielgruppen crossmedial: mit gedruckten Zeitschriften, digital \u00fcber Websites mit zahlreichen Zusatznutzen sowie \u00fcber regelm\u00e4\u00dfige Newsletter.<\/li>\n<\/ul>\n<p><strong>Unsere Zielgruppen<br \/>\n<\/strong><\/p>\n<ul>\n<li>haben gehobene Anspr\u00fcche an Wein, Tabak und Savoir vivre.<\/li>\n<li>sind Hersteller, Zulieferer, Endverbraucher oder Absatzmittler f\u00fcr Produkte in den genannten Genussbereichen.<\/li>\n<\/ul>\n<p><strong>Unsere Medienmarken<\/strong><\/p>\n","protected":false},"excerpt":{"rendered":"<p>Unser Medienangebot versorgt Fachh\u00e4ndler und Experten in Handel, Gastronomie und Industrie mit allen wichtigen Brancheninformationen und schlie\u00dft den Kreis bis zum Endverbraucher. informiert umfassend \u00fcber Wein, Genussthemen und\u00a0Tabak. erreicht\u00a0seine Zielgruppen crossmedial: mit gedruckten Zeitschriften, digital \u00fcber Websites mit zahlreichen Zusatznutzen sowie \u00fcber regelm\u00e4\u00dfige Newsletter. Unsere Zielgruppen haben gehobene Anspr\u00fcche an Wein, Tabak und Savoir vivre. [&hellip;]<\/p>\n","protected":false},"author":1,"featured_media":1197,"parent":4,"menu_order":0,"comment_status":"closed","ping_status":"closed","template":"pages\/template-portfolio.php","meta":[],"_links":{"self":[{"href":"https:\/\/www.konradin.de\/de\/wp-json\/wp\/v2\/pages\/181"}],"collection":[{"href":"https:\/\/www.konradin.de\/de\/wp-json\/wp\/v2\/pages"}],"about":[{"href":"https:\/\/www.konradin.de\/de\/wp-json\/wp\/v2\/types\/page"}],"author":[{"embeddable":true,"href":"https:\/\/www.konradin.de\/de\/wp-json\/wp\/v2\/users\/1"}],"replies":[{"embeddable":true,"href":"https:\/\/www.konradin.de\/de\/wp-json\/wp\/v2\/comments?post=181"}],"version-history":[{"count":72,"href":"https:\/\/www.konradin.de\/de\/wp-json\/wp\/v2\/pages\/181\/revisions"}],"predecessor-version":[{"id":5695,"href":"https:\/\/www.konradin.de\/de\/wp-json\/wp\/v2\/pages\/181\/revisions\/5695"}],"up":[{"embeddable":true,"href":"https:\/\/www.konradin.de\/de\/wp-json\/wp\/v2\/pages\/4"}],"wp:featuredmedia":[{"embeddable":true,"href":"https:\/\/www.konradin.de\/de\/wp-json\/wp\/v2\/media\/1197"}],"wp:attachment":[{"href":"https:\/\/www.konradin.de\/de\/wp-json\/wp\/v2\/media?parent=181"}],"curies":[{"name":"wp","href":"https:\/\/api.w.org\/{rel}","templated":true}]}}